{"id":2159,"date":"2024-12-17T18:33:41","date_gmt":"2024-12-17T17:33:41","guid":{"rendered":"https:\/\/www.societegeolardeche.com\/?page_id=2159"},"modified":"2026-08-27T21:40:44","modified_gmt":"2026-08-27T19:40:44","slug":"accueil2025","status":"publish","type":"page","link":"https:\/\/www.societegeolardeche.com\/","title":{"rendered":"Accueil du site de la Soci\u00e9t\u00e9 g\u00e9ologique de l\u2019Ard\u00e8che (SGA), actualit\u00e9s et pr\u00e9visions"},"content":{"rendered":"\t\t<div data-elementor-type=\"wp-page\" data-elementor-id=\"2159\" class=\"elementor elementor-2159\">\n\t\t\t\t\t\t<section class=\"elementor-section elementor-top-section elementor-element elementor-element-7bfa13b elementor-section-boxed elementor-section-height-default elementor-section-height-default\" data-id=\"7bfa13b\" data-element_type=\"section\" data-e-type=\"section\">\n\t\t\t\t\t\t<div class=\"elementor-container elementor-column-gap-default\">\n\t\t\t\t\t<div class=\"elementor-column elementor-col-50 elementor-top-column elementor-element elementor-element-53b855b\" data-id=\"53b855b\" data-element_type=\"column\" data-e-type=\"column\">\n\t\t\t<div class=\"elementor-widget-wrap elementor-element-populated\">\n\t\t\t\t\t\t<div class=\"elementor-element elementor-element-a527635 elementor-widget elementor-widget-text-editor\" data-id=\"a527635\" data-element_type=\"widget\" data-e-type=\"widget\" data-widget_type=\"text-editor.default\">\n\t\t\t\t<div class=\"elementor-widget-container\">\n\t\t\t\t\t\t\t\t\t<p>Le calendrier des activit\u00e9s 2026, li\u00e9es au 50e anniversaire de la Soci\u00e9t\u00e9 g\u00e9ologique de l&rsquo;Ard\u00e8che est consultable <a href=\"https:\/\/www.societegeolardeche.com\/DocsSGA\/Docs\/Flyer50ansSGAweb-2_juillet2026.pdf\">en pdf en cliquant sur ce lien ou sur l&rsquo;image \u00e0 droite<\/a>.<\/p><p><strong><u>Journ\u00e9e anniversaire 14 novembre 2026 \u00e0 Jaujac 15h30\u00a0<\/u><\/strong><strong><u>Le rebond de la biodiversit\u00e9 apr\u00e8s l\u2019extinction du Permien\/Trias<\/u><\/strong><\/p><p><strong>Apr\u00e8s une des plus grande crise mondiale de\u00a0la bio-diversit\u00e9, de nouvelles esp\u00e8ces apparaissent au Trias , il s&rsquo;agira de d\u00e9crire les \u00e9v\u00e9nements qui ponctuent le Trias, avec un focus sur le Permo-Trias ard\u00e9chois .<\/strong><\/p><p><strong>le 14 novembre 15h30 Conf\u00e9rence gratuite au ch\u00e2teau de Castrevieille de Jaujac par Emmanuel Fara de\u00a0l&rsquo;Universit\u00e9 de Bourgogne-Franche-Comt\u00e9 sur \u00ab Le rebond de la biodiversit\u00e9 apr\u00e8s l\u2019extinction\u00a0du Permien\/Trias, focus sur le Permo-Trias ard\u00e9chois. \u00bb<\/strong><\/p><p><br \/>&#8212;&#8212;&#8212;&#8212;&#8212;&#8212;&#8212;&#8212;&#8212;&#8212;&#8212;&#8212;&#8212;&#8212;&#8212;&#8212;&#8212;&#8212;&#8212;&#8212;&#8212;&#8212;&#8212;&#8212;&#8212;&#8212;&#8212;&#8212;&#8212;&#8212;&#8212;&#8212;&#8212;&#8212;&#8212;&#8212;&#8212;&#8212;&#8212;&#8212;&#8212;&#8212;&#8212;&#8212;<br \/>Sorties en association avec d&rsquo;autres structures:<\/p><p>9<b> juillet 2026<\/b> en collaboration avec le PNRMA, Montselgues : <a href=\"https:\/\/www.parc-monts-ardeche.fr\/evenements\/des-roches-des-paysages-et-des-rapaces\/?occurrence=2026-07-09\">des roches, des paysages et des rapaces<\/a><\/p><p>\u00a0<strong>14 aout 2026 <\/strong>Une journ\u00e9e de d\u00e9couverte des maars avec Maryse Aymes. <br \/>Le matin, le maar de Saint-Front pour les membres de la SGA. <br \/>inscription geolardeche@orange.fr<br \/>L&rsquo;apr\u00e8s- midi, le maar de Chaudeyrolles.<br \/>(Inscription obligatoire sur la <a href=\"https:\/\/www.parc-monts-ardeche.fr\/evenements\/sous-les-narces-de-chaudeyrolles-se-cachent-un-volcan\/?occurrence=2026-08-14\">page du PNRMA<\/a> ou au 04 75 36 38 60).<br \/>RDV \u00e0 10h00 sur le parking sous l\u2019\u00e9glise de Chaudeyrolles pour covoiturage.<\/p><p><strong>12 septembre sur le Coiron<\/strong>\u00a0 le matin 9hoo 12hoo les balmes de Montbrun;\u00a0 pique nique au stade de Berzeme; puis visite du ring dyke de Rochessauve\u00a0 <strong>\u00a0pour s&rsquo;inscrire contacter agglo@privas-centre-ardeche.fr 0475640707 (ENS Coiron qui organise conjointement l&rsquo;autre demi journ\u00e9e).<\/strong><\/p><p><strong>le 19 septembre\u00a0 Journ\u00e9e du patrimoine Conf\u00e9rence <\/strong>\u00a0sur\u00a0<strong>Le stratotype du Berriasien par\u00a0<em>St\u00e9phane Reboulet maitre de conf\u00e9rences \u00e0 l&rsquo;Universit\u00e9 Lyon 1\u00a0<br \/><\/em><\/strong><strong>Salle des f\u00eates de Berrias le samedi 19 septembre \u00e0 17hoo Dur\u00e9e 1h30 \u00e0 2hoo<br \/><\/strong>La soci\u00e9t\u00e9 de g\u00e9ologie de l&rsquo;Ard\u00e8che avec le d\u00e9partement et le g\u00e9oparc travaille \u00e0 la r\u00e9actualisation de donn\u00e9es sur le stratotype du Berriasien (Georges Naud Maitre de conf\u00e9rence retrait\u00e9 de l universit\u00e9 de Marseille et St\u00e9phane Reboulet de l&rsquo;universit\u00e9 de Lyon). Dans le cadre de la strat\u00e9gie des aires prot\u00e9g\u00e9es SAP07 du travail de recherche en cours et de l importance de ce patrimoine mondial \u00e0 valoris\u00e9, la Soci\u00e9t\u00e9 g\u00e9ologique de l&rsquo;Ardeche dans le cadre de ses 50ans aid\u00e9 du G\u00e9oparc mondial UNESCO des Monts d&rsquo;Ardeche propose une conf\u00e9rence \u00e0 Berrias le 19 septembre 17hoo pour les journ\u00e9es du patrimoine:\u00a0La commune de Berrias est une r\u00e9f\u00e9rence mondiale pour les g\u00e9ologue depuis1852 : ici dans le lit du Graveyron a \u00e9t\u00e9 d\u00e9fini le 1er \u00e9tage du Cr\u00e9tac\u00e9.<br \/><strong><em>Il s&rsquo;agit lors de cette conf\u00e9rence en salle de d\u00e9couvrir l&rsquo;\u00e9chelle des temps g\u00e9ologiques, sa construction et son utilit\u00e9. La pr\u00e9sentation de ce calendrier universel permettra d&rsquo;illustrer quelques \u00e9tages g\u00e9ologiques clefs, mondialement reconnus, dont fait partie l&rsquo;\u00e9tage du Berriasien qui a \u00e9t\u00e9 d\u00e9fini \u00e0 Berrias (Ard\u00e8che m\u00e9ridionale) au XIXe<br \/><\/em><\/strong>la conf\u00e9rence est gratuite mais il est conseill\u00e9 de s&rsquo;inscrire sur l<a href=\"https:\/\/www.parc-monts-ardeche.fr\/evenements\/le-calendrier-geologique-etages-et-stratotypes-lexemple-du-berriasien\/?occurrence=2026-09-19\">a page du site du G\u00e9oparc<\/a><\/p><p><strong><u>\u00a014 novembre 2026 Journ\u00e9e anniversaire \u00e0 Jaujac 15h30 <br \/><\/u><\/strong><strong>Le rebond de la biodiversit\u00e9 apr\u00e8s l\u2019extinction du Permien\/Trias<\/strong><\/p><p><strong>Conf\u00e9rence gratuite au ch\u00e2teau de Castrevieille de Jaujac par Emmanuel Fara de l&rsquo;Universit\u00e9 de Bourgogne-Franche-Comt\u00e9 sur \u00ab Le rebond de la biodiversit\u00e9 apr\u00e8s l\u2019extinction du Permien\/Trias, focus sur le Permo-Trias ard\u00e9chois. \u00bb<\/strong><\/p><p>&#8212;&#8212;&#8212;&#8212;&#8212;&#8212;&#8212;&#8212;&#8212;&#8212;&#8212;&#8212;&#8212;&#8212;&#8212;&#8212;&#8212;&#8212;&#8212;&#8212;&#8212;&#8212;&#8212;&#8212;&#8212;&#8212;&#8212;&#8212;&#8212;&#8212;&#8212;&#8212;&#8212;&#8212;&#8212;&#8212;&#8212;&#8212;&#8212;&#8212;&#8212;&#8212;&#8212;&#8212;&#8211;<br \/>A signaler pour cet \u00e9t\u00e9, le texte de <strong>Patrick de Wever<\/strong> de la SGF <br \/>sur la <strong>g\u00e9ologie du tour de France 2026.<br \/><\/strong>Etape par \u00e9tape, il indique les grandes lignes de la g\u00e9ologie des r\u00e9gions travers\u00e9es et les curiosit\u00e9s visibles au passage.<br \/><a href=\"https:\/\/www.societegeolardeche.com\/DocsSGA\/Docs\/Tour-de-France-2026.pdf\">Ce texte est accessible en pdf sur notre site via ce lien<\/a><\/p>\t\t\t\t\t\t\t\t<\/div>\n\t\t\t\t<\/div>\n\t\t\t\t\t<\/div>\n\t\t<\/div>\n\t\t\t\t<div class=\"elementor-column elementor-col-50 elementor-top-column elementor-element elementor-element-76b8f0f\" data-id=\"76b8f0f\" data-element_type=\"column\" data-e-type=\"column\">\n\t\t\t<div class=\"elementor-widget-wrap elementor-element-populated\">\n\t\t\t\t\t\t<div class=\"elementor-element elementor-element-ee5b2ac elementor-widget elementor-widget-image\" data-id=\"ee5b2ac\" data-element_type=\"widget\" data-e-type=\"widget\" data-widget_type=\"image.default\">\n\t\t\t\t<div class=\"elementor-widget-container\">\n\t\t\t\t\t\t\t\t\t\t\t\t\t\t\t\t<a href=\"https:\/\/www.societegeolardeche.com\/DocsSGA\/Docs\/Flyer50ansSGAweb-2_juillet2026.pdf\">\n\t\t\t\t\t\t\t<img fetchpriority=\"high\" decoding=\"async\" width=\"698\" height=\"988\" src=\"https:\/\/www.societegeolardeche.com\/wp-content\/uploads\/2026\/07\/SGA_cinquantenaire2026_1.jpg\" class=\"attachment-large size-large wp-image-2956\" alt=\"\" srcset=\"https:\/\/www.societegeolardeche.com\/wp-content\/uploads\/2026\/07\/SGA_cinquantenaire2026_1.jpg 698w, https:\/\/www.societegeolardeche.com\/wp-content\/uploads\/2026\/07\/SGA_cinquantenaire2026_1-212x300.jpg 212w\" sizes=\"(max-width: 698px) 100vw, 698px\" \/>\t\t\t\t\t\t\t\t<\/a>\n\t\t\t\t\t\t\t\t\t\t\t\t\t\t\t<\/div>\n\t\t\t\t<\/div>\n\t\t\t\t\t<\/div>\n\t\t<\/div>\n\t\t\t\t\t<\/div>\n\t\t<\/section>\n\t\t\t\t<section class=\"elementor-section elementor-top-section elementor-element elementor-element-ecc58a3 elementor-section-boxed elementor-section-height-default elementor-section-height-default\" data-id=\"ecc58a3\" data-element_type=\"section\" data-e-type=\"section\">\n\t\t\t\t\t\t<div class=\"elementor-container elementor-column-gap-default\">\n\t\t\t\t\t<div class=\"elementor-column elementor-col-100 elementor-top-column elementor-element elementor-element-e50031b\" data-id=\"e50031b\" data-element_type=\"column\" data-e-type=\"column\">\n\t\t\t<div class=\"elementor-widget-wrap\">\n\t\t\t\t\t\t\t<\/div>\n\t\t<\/div>\n\t\t\t\t\t<\/div>\n\t\t<\/section>\n\t\t\t\t<section class=\"elementor-section elementor-top-section elementor-element elementor-element-de924dd elementor-section-boxed elementor-section-height-default elementor-section-height-default\" data-id=\"de924dd\" data-element_type=\"section\" data-e-type=\"section\">\n\t\t\t\t\t\t<div class=\"elementor-container elementor-column-gap-default\">\n\t\t\t\t\t<div class=\"elementor-column elementor-col-100 elementor-top-column elementor-element elementor-element-cfbf8bc\" data-id=\"cfbf8bc\" data-element_type=\"column\" data-e-type=\"column\">\n\t\t\t<div class=\"elementor-widget-wrap elementor-element-populated\">\n\t\t\t\t\t\t<div class=\"elementor-element elementor-element-08ac963 elementor-widget elementor-widget-text-editor\" data-id=\"08ac963\" data-element_type=\"widget\" data-e-type=\"widget\" data-widget_type=\"text-editor.default\">\n\t\t\t\t<div class=\"elementor-widget-container\">\n\t\t\t\t\t\t\t\t\t<p style=\"text-align: right;\">\u00a0 \u00a0 \u00a0 \u00a0 \u00a0 \u00a0 \u00a0 \u00a0 \u00a0 \u00a0 \u00a0 \u00a0 \u00a0 \u00a0 \u00a0 \u00a0 \u00a0 \u00a0 \u00a0 \u00a0 \u00a0 \u00a0 \u00a0 \u00a0 \u00a0 \u00a0 \u00a0 \u00a0 \u00a0 \u00a0 \u00a0 \u00a0 \u00a0 \u00a0 \u00a0 \u00a0 \u00a0 \u00a0 \u00a0 \u00a0 \u00a0 \u00a0 \u00a0 \u00a0 \u00a0 \u00a0 \u00a0 \u00a0 \u00a0 \u00a0 \u00a0 \u00a0 \u00a0 \u00a0 \u00a0 \u00a0 \u00a0 \u00a0 \u00a0 \u00a0 \u00a0 \u00a0 \u00a0 \u00a0 \u00a0 \u00a0 \u00a0 \u00a0 \u00a0 \u00a0 \u00a0 \u00a0 \u00a0 \u00a0 \u00a0 \u00a0 \u00a0 \u00a0 \u00a0 \u00a0 \u00a0 \u00a0 \u00a0 \u00a0 \u00a0 \u00a0 \u00a0 \u00a0 \u00a0 \u00a0 \u00a0 \u00a0 \u00a0 \u00a0 \u00a0 \u00a0 \u00a0 \u00a0 \u00a0 \u00a0 \u00a0 Daniel NARDIN<br \/>(12 novembre 2025 ,\u00a0 modifi\u00e9 avec envoi du contenu ancien sur une page s\u00e9par\u00e9e 7 mai, juin 2026; 6 aout )\u00a0 \u00a0 \u00a0 \u00a0 \u00a0 \u00a0 \u00a0 \u00a0 \u00a0 \u00a0 \u00a0 \u00a0 \u00a0 \u00a0 \u00a0<\/p>\t\t\t\t\t\t\t\t<\/div>\n\t\t\t\t<\/div>\n\t\t\t\t\t<\/div>\n\t\t<\/div>\n\t\t\t\t\t<\/div>\n\t\t<\/section>\n\t\t\t\t<\/div>\n\t\t","protected":false},"excerpt":{"rendered":"<p>Le calendrier des activit\u00e9s 2026, li\u00e9es au 50e anniversaire de la Soci\u00e9t\u00e9 g\u00e9ologique de l&rsquo;Ard\u00e8che est consultable en pdf en cliquant sur ce lien ou sur l&rsquo;image \u00e0 droite. Journ\u00e9e anniversaire 14 novembre 2026 \u00e0 Jaujac 15h30\u00a0Le rebond de la biodiversit\u00e9 apr\u00e8s l\u2019extinction du Permien\/Trias Apr\u00e8s une des plus grande crise mondiale de\u00a0la bio-diversit\u00e9, de &hellip;<\/p>\n<p class=\"read-more\"> <a class=\"\" href=\"https:\/\/www.societegeolardeche.com\/\"> <span class=\"screen-reader-text\">Accueil du site de la Soci\u00e9t\u00e9 g\u00e9ologique de l\u2019Ard\u00e8che (SGA), actualit\u00e9s et pr\u00e9visions<\/span> Lire la suite\u00a0\u00bb<\/a><\/p>\n","protected":false},"author":4,"featured_media":0,"parent":0,"menu_order":0,"comment_status":"closed","ping_status":"closed","template":"","meta":{"site-sidebar-layout":"default","site-content-layout":"default","ast-global-header-display":"","ast-banner-title-visibility":"","ast-main-header-display":"","ast-hfb-above-header-display":"","ast-hfb-below-header-display":"","ast-hfb-mobile-header-display":"","site-post-title":"","ast-breadcrumbs-content":"","ast-featured-img":"","footer-sml-layout":"","theme-transparent-header-meta":"","adv-header-id-meta":"","stick-header-meta":"","header-above-stick-meta":"","header-main-stick-meta":"","header-below-stick-meta":"","footnotes":""},"class_list":["post-2159","page","type-page","status-publish","hentry"],"_links":{"self":[{"href":"https:\/\/www.societegeolardeche.com\/index.php\/wp-json\/wp\/v2\/pages\/2159","targetHints":{"allow":["GET"]}}],"collection":[{"href":"https:\/\/www.societegeolardeche.com\/index.php\/wp-json\/wp\/v2\/pages"}],"about":[{"href":"https:\/\/www.societegeolardeche.com\/index.php\/wp-json\/wp\/v2\/types\/page"}],"author":[{"embeddable":true,"href":"https:\/\/www.societegeolardeche.com\/index.php\/wp-json\/wp\/v2\/users\/4"}],"replies":[{"embeddable":true,"href":"https:\/\/www.societegeolardeche.com\/index.php\/wp-json\/wp\/v2\/comments?post=2159"}],"version-history":[{"count":206,"href":"https:\/\/www.societegeolardeche.com\/index.php\/wp-json\/wp\/v2\/pages\/2159\/revisions"}],"predecessor-version":[{"id":3012,"href":"https:\/\/www.societegeolardeche.com\/index.php\/wp-json\/wp\/v2\/pages\/2159\/revisions\/3012"}],"wp:attachment":[{"href":"https:\/\/www.societegeolardeche.com\/index.php\/wp-json\/wp\/v2\/media?parent=2159"}],"curies":[{"name":"wp","href":"https:\/\/api.w.org\/{rel}","templated":true}]}}